{"id":12,"date":"2015-08-21T10:18:28","date_gmt":"2015-08-21T10:18:28","guid":{"rendered":"http:\/\/cooperationlentillykouila.org\/?page_id=12"},"modified":"2021-01-31T11:25:00","modified_gmt":"2021-01-31T11:25:00","slug":"decouvrir-kouila","status":"publish","type":"page","link":"https:\/\/cooperationlentillykouila.org\/?page_id=12","title":{"rendered":"Bienvenue \u00e0 Kouila"},"content":{"rendered":"<p>Kouila est un village du Burkina Faso situ\u00e9 dans la province de l&rsquo;Oubritenga situ\u00e9e dans la r\u00e9gion du Plateau-Central.<\/p>\n<p><center><div style=\"width: 640px;\" class=\"wp-video\"><video class=\"wp-video-shortcode\" id=\"video-12-1\" width=\"640\" height=\"360\" loop autoplay preload=\"auto\" controls=\"controls\"><source type=\"video\/mp4\" src=\"http:\/\/cooperationlentillykouila.org\/wp-content\/uploads\/2015\/08\/bienvenue.mp4?_=1\" \/><a href=\"http:\/\/cooperationlentillykouila.org\/wp-content\/uploads\/2015\/08\/bienvenue.mp4\">http:\/\/cooperationlentillykouila.org\/wp-content\/uploads\/2015\/08\/bienvenue.mp4<\/a><\/video><\/div>\n<p><\/center>Le Burkina Faso, est un pays d&rsquo;Afrique de l&rsquo;Ouest entour\u00e9 du Mali, du Niger, du B\u00e9nin, du Togo,\u00a0 du Ghana et de la C\u00f4te d&rsquo;Ivoire. La capitale est Ouagadougou, situ\u00e9e au centre du pays. Le Burkina Faso est membre de l\u2019Union africaine et de la CEDEAO. C&rsquo;est l&rsquo;un des 10 pays les moins d\u00e9velopp\u00e9s du monde (avec un indice de d\u00e9veloppement humain de 0,343 en 2012). <a href=\"https:\/\/fr.wikipedia.org\/wiki\/Burkina_Faso\" target=\"_blank\" rel=\"noopener noreferrer\">Plus d&rsquo;informations sur le Burkina-Faso<\/a>.<\/p>\n<p style=\"text-align: center;\">Le Burkina Faso et la r\u00e9gion de l&rsquo;Oubritenga<\/p>\n<p><a href=\"http:\/\/cooperationlentillykouila.org\/wp-content\/uploads\/2015\/08\/Burkina_Faso_-_Oubritenga.svg_.png\"><img loading=\"lazy\" decoding=\"async\" class=\"aligncenter wp-image-171 size-medium\" src=\"http:\/\/cooperationlentillykouila.org\/wp-content\/uploads\/2015\/08\/Burkina_Faso_-_Oubritenga.svg_-632x466.png\" alt=\"Burkina_Faso_-_Oubritenga.svg\" width=\"632\" height=\"466\" srcset=\"https:\/\/cooperationlentillykouila.org\/wp-content\/uploads\/2015\/08\/Burkina_Faso_-_Oubritenga.svg_-632x466.png 632w, https:\/\/cooperationlentillykouila.org\/wp-content\/uploads\/2015\/08\/Burkina_Faso_-_Oubritenga.svg_.png 900w\" sizes=\"auto, (max-width: 632px) 100vw, 632px\" \/><\/a><\/p>\n<p>Kouila est un village d&rsquo;environ 2 500 habitants qui d\u00e9pend d\u00e9sormais de la commune de Ziniare.<br \/>\nUne piste permet de se rendre de Ziniar\u00e9 \u00e0 Kouila et un repr\u00e9sentant de Kouila est pr\u00e9sent au Conseil municipal de Ziniar\u00e9. Le village est situ\u00e9 \u00e0 une heure de piste de la capitale, au d\u00e9but de la zone aride.<\/p>\n<p style=\"text-align: center;\">Vision a\u00e9rienne d&rsquo;une partie du village<\/p>\n<p><a href=\"http:\/\/cooperationlentillykouila.org\/wp-content\/uploads\/2015\/12\/KVDC.jpg\" rel=\"attachment wp-att-264\"><img loading=\"lazy\" decoding=\"async\" class=\"aligncenter wp-image-264 size-large\" src=\"http:\/\/cooperationlentillykouila.org\/wp-content\/uploads\/2015\/12\/KVDC-1020x605.jpg\" alt=\"KVDC\" width=\"640\" height=\"380\" srcset=\"https:\/\/cooperationlentillykouila.org\/wp-content\/uploads\/2015\/12\/KVDC-1020x605.jpg 1020w, https:\/\/cooperationlentillykouila.org\/wp-content\/uploads\/2015\/12\/KVDC-632x375.jpg 632w, https:\/\/cooperationlentillykouila.org\/wp-content\/uploads\/2015\/12\/KVDC-768x455.jpg 768w, https:\/\/cooperationlentillykouila.org\/wp-content\/uploads\/2015\/12\/KVDC.jpg 1064w\" sizes=\"auto, (max-width: 640px) 100vw, 640px\" \/><\/a><\/p>\n<p>Kouila ne dispose ni d\u2019eau courante, ni d\u2019\u00e9lectricit\u00e9. L\u2019habitat est dispers\u00e9 sur plusieurs km2. Les cases sont regroup\u00e9es sous forme de concession. Il existe trois points d&rsquo;eau for\u00e9s \u00e0 80 m\u00e8tres de profondeurs qui permettent d&rsquo;irriguer des zones de mara\u00eechage. Kouila dispose d&rsquo;une \u00e9cole primaire de six classes d&rsquo;environ cinquante enfants.<\/p>\n<p style=\"text-align: center;\">Le chef coutumier de Kouila, tr\u00e8s respect\u00e9 des habitants et compagnon fid\u00e8le du jumelage depuis 1985, est d\u00e9c\u00e9d\u00e9 en 2017.<\/p>\n<p><a href=\"http:\/\/cooperationlentillykouila.org\/wp-content\/uploads\/2015\/08\/kouila_chef_de_village-Copie.jpg\"><img loading=\"lazy\" decoding=\"async\" class=\"aligncenter wp-image-142 size-full\" src=\"http:\/\/cooperationlentillykouila.org\/wp-content\/uploads\/2015\/08\/kouila_chef_de_village-Copie.jpg\" alt=\"kouila_chef_de_village - Copie\" width=\"500\" height=\"345\" \/><\/a><\/p>\n<p style=\"text-align: center;\">Fillettes et vendeuses<\/p>\n<p><a href=\"http:\/\/cooperationlentillykouila.org\/wp-content\/uploads\/2015\/08\/dscf0160_640x480__cle0c48ce.jpg\"><img loading=\"lazy\" decoding=\"async\" class=\"aligncenter wp-image-172 size-medium\" src=\"http:\/\/cooperationlentillykouila.org\/wp-content\/uploads\/2015\/08\/dscf0160_640x480__cle0c48ce-632x474.jpg\" alt=\"dscf0160_640x480__cle0c48ce\" width=\"632\" height=\"474\" srcset=\"https:\/\/cooperationlentillykouila.org\/wp-content\/uploads\/2015\/08\/dscf0160_640x480__cle0c48ce-632x474.jpg 632w, https:\/\/cooperationlentillykouila.org\/wp-content\/uploads\/2015\/08\/dscf0160_640x480__cle0c48ce.jpg 640w\" sizes=\"auto, (max-width: 632px) 100vw, 632px\" \/><\/a><\/p>\n<p><center><div style=\"width: 640px;\" class=\"wp-video\"><video class=\"wp-video-shortcode\" id=\"video-12-2\" width=\"640\" height=\"360\" loop autoplay preload=\"metadata\" controls=\"controls\"><source type=\"video\/mp4\" src=\"http:\/\/cooperationlentillykouila.org\/wp-content\/uploads\/2021\/01\/Jeune-garcon-et-son-ane.mp4?_=2\" \/><a href=\"http:\/\/cooperationlentillykouila.org\/wp-content\/uploads\/2021\/01\/Jeune-garcon-et-son-ane.mp4\">http:\/\/cooperationlentillykouila.org\/wp-content\/uploads\/2021\/01\/Jeune-garcon-et-son-ane.mp4<\/a><\/video><\/div>\n<p><\/center><\/p>\n<p style=\"text-align: center;\">La gestion du bois et de l&rsquo;eau, avec le sourire<\/p>\n<p><a href=\"http:\/\/cooperationlentillykouila.org\/wp-content\/uploads\/2015\/08\/photo-13.jpg\" rel=\"attachment wp-att-279\"><img loading=\"lazy\" decoding=\"async\" class=\"wp-image-279 size-medium aligncenter\" src=\"http:\/\/cooperationlentillykouila.org\/wp-content\/uploads\/2015\/08\/photo-13-632x472.jpg\" alt=\"photo 13\" width=\"632\" height=\"472\" srcset=\"https:\/\/cooperationlentillykouila.org\/wp-content\/uploads\/2015\/08\/photo-13-632x472.jpg 632w, https:\/\/cooperationlentillykouila.org\/wp-content\/uploads\/2015\/08\/photo-13.jpg 640w\" sizes=\"auto, (max-width: 632px) 100vw, 632px\" \/><\/a><\/p>\n<p style=\"text-align: center;\">Une \u00e9quipe de football plus ou moins \u00e9quip\u00e9e<\/p>\n<p><a href=\"http:\/\/cooperationlentillykouila.org\/wp-content\/uploads\/2015\/08\/photo-6.jpg\" rel=\"attachment wp-att-280\"><img loading=\"lazy\" decoding=\"async\" class=\"wp-image-280 size-medium aligncenter\" src=\"http:\/\/cooperationlentillykouila.org\/wp-content\/uploads\/2015\/08\/photo-6-632x472.jpg\" alt=\"photo 6\" width=\"632\" height=\"472\" srcset=\"https:\/\/cooperationlentillykouila.org\/wp-content\/uploads\/2015\/08\/photo-6-632x472.jpg 632w, https:\/\/cooperationlentillykouila.org\/wp-content\/uploads\/2015\/08\/photo-6.jpg 640w\" sizes=\"auto, (max-width: 632px) 100vw, 632px\" \/><\/a><\/p>\n<p style=\"text-align: center;\">Retour de corv\u00e9e de bois<\/p>\n<p style=\"text-align: center;\"><img loading=\"lazy\" decoding=\"async\" class=\"alignnone wp-image-281 size-medium\" src=\"http:\/\/cooperationlentillykouila.org\/wp-content\/uploads\/2015\/08\/photo-1-632x423.jpg\" alt=\"photo\" width=\"632\" height=\"423\" \/><\/p>\n<p style=\"text-align: center;\">\u00c0 l&rsquo;ombre du Baobab<\/p>\n<p><a href=\"http:\/\/cooperationlentillykouila.org\/wp-content\/uploads\/2015\/08\/photo-12.jpg\" rel=\"attachment wp-att-278\"><img loading=\"lazy\" decoding=\"async\" class=\"aligncenter wp-image-278 size-medium\" src=\"http:\/\/cooperationlentillykouila.org\/wp-content\/uploads\/2015\/08\/photo-12-632x411.jpg\" alt=\"photo 12\" width=\"632\" height=\"411\" srcset=\"https:\/\/cooperationlentillykouila.org\/wp-content\/uploads\/2015\/08\/photo-12-632x411.jpg 632w, https:\/\/cooperationlentillykouila.org\/wp-content\/uploads\/2015\/08\/photo-12.jpg 640w\" sizes=\"auto, (max-width: 632px) 100vw, 632px\" \/><\/a><\/p>\n<p><a href=\"http:\/\/cooperationlentillykouila.org\/wp-content\/uploads\/2021\/01\/IMG_5941-scaled.jpg\"><img loading=\"lazy\" decoding=\"async\" class=\"size-medium wp-image-757 aligncenter\" src=\"http:\/\/cooperationlentillykouila.org\/wp-content\/uploads\/2021\/01\/IMG_5941-632x474.jpg\" alt=\"\" width=\"632\" height=\"474\" srcset=\"https:\/\/cooperationlentillykouila.org\/wp-content\/uploads\/2021\/01\/IMG_5941-632x474.jpg 632w, https:\/\/cooperationlentillykouila.org\/wp-content\/uploads\/2021\/01\/IMG_5941-1020x765.jpg 1020w, https:\/\/cooperationlentillykouila.org\/wp-content\/uploads\/2021\/01\/IMG_5941-768x576.jpg 768w, https:\/\/cooperationlentillykouila.org\/wp-content\/uploads\/2021\/01\/IMG_5941-1536x1152.jpg 1536w, https:\/\/cooperationlentillykouila.org\/wp-content\/uploads\/2021\/01\/IMG_5941-2048x1536.jpg 2048w\" sizes=\"auto, (max-width: 632px) 100vw, 632px\" \/><\/a><\/p>\n<p>Depuis plus de 30 ans, un <a href=\"http:\/\/cooperationlentillykouila.org\/?page_id=54\">comit\u00e9<\/a> de coop\u00e9ration propose un r\u00e9seau de partage entre\u00a0Kouila et Lentilly (Rh\u00f4ne, France). Ce comit\u00e9 participe \u00e9galement au d\u00e9veloppement de diff\u00e9rents <a href=\"http:\/\/cooperationlentillykouila.org\/?page_id=10\">projets pour l&rsquo;agriculture, l&rsquo;\u00e9ducation et les femmes<\/a>. D\u00e9couvrez l&rsquo;histoire de la coop\u00e9ration \u00e0 travers <a href=\"http:\/\/cooperationlentillykouila.org\/?page_id=339\">le documentaire Zoodo<\/a>.<\/p>\n","protected":false},"excerpt":{"rendered":"<p>Kouila est un village du Burkina Faso situ\u00e9 dans la province de l&rsquo;Oubritenga situ\u00e9e dans la r\u00e9gion du Plateau-Central. Le Burkina Faso, est un pays d&rsquo;Afrique de l&rsquo;Ouest entour\u00e9 du Mali, du Niger, du B\u00e9nin, [&hellip;]<\/p>\n","protected":false},"author":1,"featured_media":264,"parent":0,"menu_order":0,"comment_status":"closed","ping_status":"closed","template":"page-fullwidth.php","meta":{"_acf_changed":false,"footnotes":""},"class_list":["post-12","page","type-page","status-publish","has-post-thumbnail","hentry"],"acf":[],"yoast_head":"<!-- This site is optimized with the Yoast SEO plugin v27.5 - https:\/\/yoast.com\/product\/yoast-seo-wordpress\/ -->\n<title>Bienvenue \u00e0 Kouila - Coop\u00e9ration Lentilly Kouila<\/title>\n<meta name=\"robots\" content=\"index, follow, max-snippet:-1, max-image-preview:large, max-video-preview:-1\" \/>\n<link rel=\"canonical\" href=\"https:\/\/cooperationlentillykouila.org\/?page_id=12\" \/>\n<meta property=\"og:locale\" content=\"fr_FR\" \/>\n<meta property=\"og:type\" content=\"article\" \/>\n<meta property=\"og:title\" content=\"Bienvenue \u00e0 Kouila - Coop\u00e9ration Lentilly Kouila\" \/>\n<meta property=\"og:description\" content=\"Kouila est un village du Burkina Faso situ\u00e9 dans la province de l&rsquo;Oubritenga situ\u00e9e dans la r\u00e9gion du Plateau-Central. Le Burkina Faso, est un pays d&rsquo;Afrique de l&rsquo;Ouest entour\u00e9 du Mali, du Niger, du B\u00e9nin, [&hellip;]\" \/>\n<meta property=\"og:url\" content=\"https:\/\/cooperationlentillykouila.org\/?page_id=12\" \/>\n<meta property=\"og:site_name\" content=\"Coop\u00e9ration Lentilly Kouila\" \/>\n<meta property=\"article:modified_time\" content=\"2021-01-31T11:25:00+00:00\" \/>\n<meta property=\"og:image\" content=\"https:\/\/cooperationlentillykouila.org\/wp-content\/uploads\/2015\/12\/KVDC.jpg\" \/>\n\t<meta property=\"og:image:width\" content=\"1064\" \/>\n\t<meta property=\"og:image:height\" content=\"631\" \/>\n\t<meta property=\"og:image:type\" content=\"image\/jpeg\" \/>\n<meta name=\"twitter:card\" content=\"summary_large_image\" \/>\n<meta name=\"twitter:label1\" content=\"Dur\u00e9e de lecture est.\" \/>\n\t<meta name=\"twitter:data1\" content=\"4 minutes\" \/>\n<script type=\"application\/ld+json\" class=\"yoast-schema-graph\">{\"@context\":\"https:\\\/\\\/schema.org\",\"@graph\":[{\"@type\":\"WebPage\",\"@id\":\"https:\\\/\\\/cooperationlentillykouila.org\\\/?page_id=12\",\"url\":\"https:\\\/\\\/cooperationlentillykouila.org\\\/?page_id=12\",\"name\":\"Bienvenue \u00e0 Kouila - Coop\u00e9ration Lentilly Kouila\",\"isPartOf\":{\"@id\":\"https:\\\/\\\/cooperationlentillykouila.org\\\/#website\"},\"primaryImageOfPage\":{\"@id\":\"https:\\\/\\\/cooperationlentillykouila.org\\\/?page_id=12#primaryimage\"},\"image\":{\"@id\":\"https:\\\/\\\/cooperationlentillykouila.org\\\/?page_id=12#primaryimage\"},\"thumbnailUrl\":\"https:\\\/\\\/cooperationlentillykouila.org\\\/wp-content\\\/uploads\\\/2015\\\/12\\\/KVDC.jpg\",\"datePublished\":\"2015-08-21T10:18:28+00:00\",\"dateModified\":\"2021-01-31T11:25:00+00:00\",\"breadcrumb\":{\"@id\":\"https:\\\/\\\/cooperationlentillykouila.org\\\/?page_id=12#breadcrumb\"},\"inLanguage\":\"fr-BE\",\"potentialAction\":[{\"@type\":\"ReadAction\",\"target\":[\"https:\\\/\\\/cooperationlentillykouila.org\\\/?page_id=12\"]}]},{\"@type\":\"ImageObject\",\"inLanguage\":\"fr-BE\",\"@id\":\"https:\\\/\\\/cooperationlentillykouila.org\\\/?page_id=12#primaryimage\",\"url\":\"https:\\\/\\\/cooperationlentillykouila.org\\\/wp-content\\\/uploads\\\/2015\\\/12\\\/KVDC.jpg\",\"contentUrl\":\"https:\\\/\\\/cooperationlentillykouila.org\\\/wp-content\\\/uploads\\\/2015\\\/12\\\/KVDC.jpg\",\"width\":1064,\"height\":631},{\"@type\":\"BreadcrumbList\",\"@id\":\"https:\\\/\\\/cooperationlentillykouila.org\\\/?page_id=12#breadcrumb\",\"itemListElement\":[{\"@type\":\"ListItem\",\"position\":1,\"name\":\"Home\",\"item\":\"https:\\\/\\\/cooperationlentillykouila.org\\\/\"},{\"@type\":\"ListItem\",\"position\":2,\"name\":\"Bienvenue \u00e0 Kouila\"}]},{\"@type\":\"WebSite\",\"@id\":\"https:\\\/\\\/cooperationlentillykouila.org\\\/#website\",\"url\":\"https:\\\/\\\/cooperationlentillykouila.org\\\/\",\"name\":\"Coop\u00e9ration Lentilly Kouila\",\"description\":\"\",\"potentialAction\":[{\"@type\":\"SearchAction\",\"target\":{\"@type\":\"EntryPoint\",\"urlTemplate\":\"https:\\\/\\\/cooperationlentillykouila.org\\\/?s={search_term_string}\"},\"query-input\":{\"@type\":\"PropertyValueSpecification\",\"valueRequired\":true,\"valueName\":\"search_term_string\"}}],\"inLanguage\":\"fr-BE\"}]}<\/script>\n<!-- \/ Yoast SEO plugin. -->","yoast_head_json":{"title":"Bienvenue \u00e0 Kouila - Coop\u00e9ration Lentilly Kouila","robots":{"index":"index","follow":"follow","max-snippet":"max-snippet:-1","max-image-preview":"max-image-preview:large","max-video-preview":"max-video-preview:-1"},"canonical":"https:\/\/cooperationlentillykouila.org\/?page_id=12","og_locale":"fr_FR","og_type":"article","og_title":"Bienvenue \u00e0 Kouila - Coop\u00e9ration Lentilly Kouila","og_description":"Kouila est un village du Burkina Faso situ\u00e9 dans la province de l&rsquo;Oubritenga situ\u00e9e dans la r\u00e9gion du Plateau-Central. Le Burkina Faso, est un pays d&rsquo;Afrique de l&rsquo;Ouest entour\u00e9 du Mali, du Niger, du B\u00e9nin, [&hellip;]","og_url":"https:\/\/cooperationlentillykouila.org\/?page_id=12","og_site_name":"Coop\u00e9ration Lentilly Kouila","article_modified_time":"2021-01-31T11:25:00+00:00","og_image":[{"width":1064,"height":631,"url":"https:\/\/cooperationlentillykouila.org\/wp-content\/uploads\/2015\/12\/KVDC.jpg","type":"image\/jpeg"}],"twitter_card":"summary_large_image","twitter_misc":{"Dur\u00e9e de lecture est.":"4 minutes"},"schema":{"@context":"https:\/\/schema.org","@graph":[{"@type":"WebPage","@id":"https:\/\/cooperationlentillykouila.org\/?page_id=12","url":"https:\/\/cooperationlentillykouila.org\/?page_id=12","name":"Bienvenue \u00e0 Kouila - Coop\u00e9ration Lentilly Kouila","isPartOf":{"@id":"https:\/\/cooperationlentillykouila.org\/#website"},"primaryImageOfPage":{"@id":"https:\/\/cooperationlentillykouila.org\/?page_id=12#primaryimage"},"image":{"@id":"https:\/\/cooperationlentillykouila.org\/?page_id=12#primaryimage"},"thumbnailUrl":"https:\/\/cooperationlentillykouila.org\/wp-content\/uploads\/2015\/12\/KVDC.jpg","datePublished":"2015-08-21T10:18:28+00:00","dateModified":"2021-01-31T11:25:00+00:00","breadcrumb":{"@id":"https:\/\/cooperationlentillykouila.org\/?page_id=12#breadcrumb"},"inLanguage":"fr-BE","potentialAction":[{"@type":"ReadAction","target":["https:\/\/cooperationlentillykouila.org\/?page_id=12"]}]},{"@type":"ImageObject","inLanguage":"fr-BE","@id":"https:\/\/cooperationlentillykouila.org\/?page_id=12#primaryimage","url":"https:\/\/cooperationlentillykouila.org\/wp-content\/uploads\/2015\/12\/KVDC.jpg","contentUrl":"https:\/\/cooperationlentillykouila.org\/wp-content\/uploads\/2015\/12\/KVDC.jpg","width":1064,"height":631},{"@type":"BreadcrumbList","@id":"https:\/\/cooperationlentillykouila.org\/?page_id=12#breadcrumb","itemListElement":[{"@type":"ListItem","position":1,"name":"Home","item":"https:\/\/cooperationlentillykouila.org\/"},{"@type":"ListItem","position":2,"name":"Bienvenue \u00e0 Kouila"}]},{"@type":"WebSite","@id":"https:\/\/cooperationlentillykouila.org\/#website","url":"https:\/\/cooperationlentillykouila.org\/","name":"Coop\u00e9ration Lentilly Kouila","description":"","potentialAction":[{"@type":"SearchAction","target":{"@type":"EntryPoint","urlTemplate":"https:\/\/cooperationlentillykouila.org\/?s={search_term_string}"},"query-input":{"@type":"PropertyValueSpecification","valueRequired":true,"valueName":"search_term_string"}}],"inLanguage":"fr-BE"}]}},"_links":{"self":[{"href":"https:\/\/cooperationlentillykouila.org\/index.php?rest_route=\/wp\/v2\/pages\/12","targetHints":{"allow":["GET"]}}],"collection":[{"href":"https:\/\/cooperationlentillykouila.org\/index.php?rest_route=\/wp\/v2\/pages"}],"about":[{"href":"https:\/\/cooperationlentillykouila.org\/index.php?rest_route=\/wp\/v2\/types\/page"}],"author":[{"embeddable":true,"href":"https:\/\/cooperationlentillykouila.org\/index.php?rest_route=\/wp\/v2\/users\/1"}],"replies":[{"embeddable":true,"href":"https:\/\/cooperationlentillykouila.org\/index.php?rest_route=%2Fwp%2Fv2%2Fcomments&post=12"}],"version-history":[{"count":23,"href":"https:\/\/cooperationlentillykouila.org\/index.php?rest_route=\/wp\/v2\/pages\/12\/revisions"}],"predecessor-version":[{"id":812,"href":"https:\/\/cooperationlentillykouila.org\/index.php?rest_route=\/wp\/v2\/pages\/12\/revisions\/812"}],"wp:featuredmedia":[{"embeddable":true,"href":"https:\/\/cooperationlentillykouila.org\/index.php?rest_route=\/wp\/v2\/media\/264"}],"wp:attachment":[{"href":"https:\/\/cooperationlentillykouila.org\/index.php?rest_route=%2Fwp%2Fv2%2Fmedia&parent=12"}],"curies":[{"name":"wp","href":"https:\/\/api.w.org\/{rel}","templated":true}]}}