{"id":10,"date":"2015-08-21T10:18:10","date_gmt":"2015-08-21T10:18:10","guid":{"rendered":"http:\/\/cooperationlentillykouila.org\/?page_id=10"},"modified":"2025-04-01T14:07:22","modified_gmt":"2025-04-01T14:07:22","slug":"nos-actions","status":"publish","type":"page","link":"https:\/\/cooperationlentillykouila.org\/?page_id=10","title":{"rendered":"Les actions"},"content":{"rendered":"\n<p>Depuis plus de 30 ans, le comit\u00e9 de coop\u00e9ration participe au d\u00e9veloppement de Kouila. Les actions se sont au fur et \u00e0 mesure structur\u00e9es.<\/p>\n\n\n\n<h5 class=\"wp-block-heading\"><span style=\"font-size: 12pt;\">L&rsquo; aide au d\u00e9veloppement de Kouila passe par quatre axes :<\/span><\/h5>\n\n\n\n<p><span style=\"color: #0000ff;\"><strong>L&rsquo;ENVIRONNEMENT ET L&rsquo; AGRICULTURE :&nbsp;<\/strong><\/span><\/p>\n\n\n\n<p>Avec :<\/p>\n\n\n<div class=\"wp-block-image\">\n<figure class=\"aligncenter is-resized\"><a href=\"http:\/\/cooperationlentillykouila.org\/wp-content\/uploads\/2019\/03\/41.-Jardins.jpg\"><img loading=\"lazy\" decoding=\"async\" width=\"632\" height=\"632\" src=\"http:\/\/cooperationlentillykouila.org\/wp-content\/uploads\/2019\/03\/41.-Jardins-632x632.jpg\" alt=\"\" class=\"wp-image-619\" style=\"width:454px;height:454px\" srcset=\"https:\/\/cooperationlentillykouila.org\/wp-content\/uploads\/2019\/03\/41.-Jardins-632x632.jpg 632w, https:\/\/cooperationlentillykouila.org\/wp-content\/uploads\/2019\/03\/41.-Jardins.jpg 689w\" sizes=\"auto, (max-width: 632px) 100vw, 632px\" \/><\/a><\/figure>\n<\/div>\n\n\n<p>&#8211; L&rsquo;entretien et am\u00e9nagement du <a href=\"http:\/\/cooperationlentillykouila.org\/?page_id=03\"><strong>barrage.<\/strong><\/a><\/p>\n\n\n\n<div class=\"wp-block-group\"><div class=\"wp-block-group__inner-container is-layout-flow wp-block-group-is-layout-flow\">\n<p>&#8211; La cr\u00e9ation de 100 jardins.<\/p>\n<\/div><\/div>\n\n\n\n<p>&#8211; La formation des jardiniers \u00e0 l&rsquo;agro \u00e9cologie.<\/p>\n\n\n\n<p>&#8211; Le forage et l&rsquo;entretien de 5 puits dans les jardins : ci-dessous le jardin des femmes \u00e0 la saison des pluies.<\/p>\n\n\n<div class=\"wp-block-image\">\n<figure class=\"aligncenter is-resized\"><a href=\"http:\/\/cooperationlentillykouila.org\/wp-content\/uploads\/2021\/01\/IMG-20210130-WA0002.jpg\"><img loading=\"lazy\" decoding=\"async\" width=\"632\" height=\"474\" src=\"http:\/\/cooperationlentillykouila.org\/wp-content\/uploads\/2021\/01\/IMG-20210130-WA0002-632x474.jpg\" alt=\"\" class=\"wp-image-756\" style=\"width:476px;height:357px\" srcset=\"https:\/\/cooperationlentillykouila.org\/wp-content\/uploads\/2021\/01\/IMG-20210130-WA0002-632x474.jpg 632w, https:\/\/cooperationlentillykouila.org\/wp-content\/uploads\/2021\/01\/IMG-20210130-WA0002-1020x765.jpg 1020w, https:\/\/cooperationlentillykouila.org\/wp-content\/uploads\/2021\/01\/IMG-20210130-WA0002-768x576.jpg 768w, https:\/\/cooperationlentillykouila.org\/wp-content\/uploads\/2021\/01\/IMG-20210130-WA0002.jpg 1040w\" sizes=\"auto, (max-width: 632px) 100vw, 632px\" \/><\/a><\/figure>\n<\/div>\n\n\n<p>&#8211; La mise en place d&rsquo;une coop\u00e9ration avec l&rsquo;association burkinab\u00e9e AEDE pour la mise en eau des jardins.<\/p>\n\n\n\n<p><span style=\"color: #0000ff;\"><strong>L&rsquo;\u00c9DUCATION :&nbsp;<\/strong><\/span><\/p>\n\n\n\n<p>Avec :<\/p>\n\n\n<div class=\"wp-block-image\">\n<figure class=\"aligncenter is-resized\"><a href=\"http:\/\/cooperationlentillykouila.org\/?page_id=06\"><img loading=\"lazy\" decoding=\"async\" width=\"150\" height=\"150\" src=\"http:\/\/cooperationlentillykouila.org\/wp-content\/uploads\/2015\/08\/education-150x150.png\" alt=\"education\" class=\"wp-image-63\" style=\"width:255px;height:255px\" srcset=\"https:\/\/cooperationlentillykouila.org\/wp-content\/uploads\/2015\/08\/education-150x150.png 150w, https:\/\/cooperationlentillykouila.org\/wp-content\/uploads\/2015\/08\/education-250x250.png 250w, https:\/\/cooperationlentillykouila.org\/wp-content\/uploads\/2015\/08\/education-174x174.png 174w\" sizes=\"auto, (max-width: 150px) 100vw, 150px\" \/><\/a><\/figure>\n<\/div>\n\n\n<p>&#8211; Le parrainage de trois cantines scolaires (repr\u00e9sentant 1.200 enfants) au sein des \u00e9coles&nbsp; : Ecole de Kouila, Ecole de l&rsquo;amiti\u00e9, Ecole Oubri Yaoghin.<\/p>\n\n\n\n<p>&#8211; Le parrainage de la cantine du Lyc\u00e9e-Coll\u00e8ge de l&rsquo;amiti\u00e9 : 300 enfants.<\/p>\n\n\n\n<p>&#8211; L&rsquo;installation de cinq biblioth\u00e8ques dans les \u00e9coles primaires et pour les lyc\u00e9ens.<\/p>\n\n\n\n<p>&#8211; L&rsquo;installation de lave-mains.<\/p>\n\n\n<div class=\"wp-block-image\">\n<figure class=\"aligncenter\"><a href=\"http:\/\/cooperationlentillykouila.org\/wp-content\/uploads\/2021\/01\/IMG-20210130-WA0003.jpg\"><img loading=\"lazy\" decoding=\"async\" width=\"632\" height=\"474\" src=\"http:\/\/cooperationlentillykouila.org\/wp-content\/uploads\/2021\/01\/IMG-20210130-WA0003-632x474.jpg\" alt=\"\" class=\"wp-image-754\" srcset=\"https:\/\/cooperationlentillykouila.org\/wp-content\/uploads\/2021\/01\/IMG-20210130-WA0003-632x474.jpg 632w, https:\/\/cooperationlentillykouila.org\/wp-content\/uploads\/2021\/01\/IMG-20210130-WA0003-1020x765.jpg 1020w, https:\/\/cooperationlentillykouila.org\/wp-content\/uploads\/2021\/01\/IMG-20210130-WA0003-768x576.jpg 768w, https:\/\/cooperationlentillykouila.org\/wp-content\/uploads\/2021\/01\/IMG-20210130-WA0003.jpg 1040w\" sizes=\"auto, (max-width: 632px) 100vw, 632px\" \/><\/a><\/figure>\n<\/div>\n\n\n<figure class=\"wp-block-video aligncenter\"><video autoplay controls loop src=\"http:\/\/cooperationlentillykouila.org\/wp-content\/uploads\/2021\/01\/VID-20210130-WA0000.mp4\"><\/video><\/figure>\n\n\n\n<p>&#8211; La cr\u00e9ation de 4 foyers am\u00e9lior\u00e9s respectivement dans les \u00e9coles et le Lyc\u00e9e :<\/p>\n\n\n\n<p>&#8211; La cr\u00e9ation d&rsquo;un jardin p\u00e9dagogique.<\/p>\n\n\n\n<p>&#8211; La construction de 3 pr\u00e9aux dont deux avec \u00e9clairages solaires p\u00e9dagogiques :<\/p>\n\n\n<div class=\"wp-block-image\">\n<figure class=\"aligncenter\"><a href=\"http:\/\/cooperationlentillykouila.org\/wp-content\/uploads\/2021\/01\/IMG_7742-1-scaled.jpg\"><img loading=\"lazy\" decoding=\"async\" width=\"632\" height=\"472\" src=\"http:\/\/cooperationlentillykouila.org\/wp-content\/uploads\/2021\/01\/IMG_7742-1-632x472.jpg\" alt=\"\" class=\"wp-image-770\" srcset=\"https:\/\/cooperationlentillykouila.org\/wp-content\/uploads\/2021\/01\/IMG_7742-1-632x472.jpg 632w, https:\/\/cooperationlentillykouila.org\/wp-content\/uploads\/2021\/01\/IMG_7742-1-1020x762.jpg 1020w, https:\/\/cooperationlentillykouila.org\/wp-content\/uploads\/2021\/01\/IMG_7742-1-768x574.jpg 768w, https:\/\/cooperationlentillykouila.org\/wp-content\/uploads\/2021\/01\/IMG_7742-1-1536x1147.jpg 1536w, https:\/\/cooperationlentillykouila.org\/wp-content\/uploads\/2021\/01\/IMG_7742-1-2048x1530.jpg 2048w\" sizes=\"auto, (max-width: 632px) 100vw, 632px\" \/><\/a><\/figure>\n<\/div>\n\n\n<p>&#8211; L&rsquo;exp\u00e9dition par container de livres pour les 5 biblioth\u00e8ques en f\u00e9vrier 2020.<\/p>\n\n\n\n<p><span style=\"color: #0000ff;\"><strong>LA VIE DES VILLAGEOIS :&nbsp;<\/strong><\/span><\/p>\n\n\n<div class=\"wp-block-image\">\n<figure class=\"aligncenter is-resized\"><a href=\"http:\/\/cooperationlentillykouila.org\/?page_id=08\"><img loading=\"lazy\" decoding=\"async\" width=\"150\" height=\"150\" src=\"http:\/\/cooperationlentillykouila.org\/wp-content\/uploads\/2015\/08\/DSCF0151-150x150.jpg\" alt=\"DSCF0151\" class=\"wp-image-73\" style=\"width:566px;height:566px\" srcset=\"https:\/\/cooperationlentillykouila.org\/wp-content\/uploads\/2015\/08\/DSCF0151-150x150.jpg 150w, https:\/\/cooperationlentillykouila.org\/wp-content\/uploads\/2015\/08\/DSCF0151-250x250.jpg 250w, https:\/\/cooperationlentillykouila.org\/wp-content\/uploads\/2015\/08\/DSCF0151-174x174.jpg 174w\" sizes=\"auto, (max-width: 150px) 100vw, 150px\" \/><\/a><\/figure>\n<\/div>\n\n\n<p><\/p>\n\n\n\n<p>Avec :<\/p>\n\n\n\n<p>&#8211; Le financement de 70 micro-cr\u00e9dits.<\/p>\n\n\n\n<p>&#8211; La fourniture de 300 lampes solaires \u00e0 destination des villageois.<\/p>\n\n\n\n<p>&#8211; Le soutien \u00e0 la fabrication d&rsquo;une centaine de foyers am\u00e9lior\u00e9s.<\/p>\n\n\n\n<p><a href=\"http:\/\/cooperationlentillykouila.org\/wp-content\/uploads\/2021\/01\/IMG-20210130-WA0006.jpg\"><img loading=\"lazy\" decoding=\"async\" class=\"size-medium wp-image-775 aligncenter\" src=\"http:\/\/cooperationlentillykouila.org\/wp-content\/uploads\/2021\/01\/IMG-20210130-WA0006-632x472.jpg\" alt=\"\" width=\"632\" height=\"472\" srcset=\"https:\/\/cooperationlentillykouila.org\/wp-content\/uploads\/2021\/01\/IMG-20210130-WA0006-632x472.jpg 632w, https:\/\/cooperationlentillykouila.org\/wp-content\/uploads\/2021\/01\/IMG-20210130-WA0006-1020x762.jpg 1020w, https:\/\/cooperationlentillykouila.org\/wp-content\/uploads\/2021\/01\/IMG-20210130-WA0006-768x574.jpg 768w, https:\/\/cooperationlentillykouila.org\/wp-content\/uploads\/2021\/01\/IMG-20210130-WA0006.jpg 1024w\" sizes=\"auto, (max-width: 632px) 100vw, 632px\" \/><\/a><\/p>\n\n\n\n<p>&#8211; La formation d&rsquo;un jeune du village pour l&rsquo;entretien et la r\u00e9paration des lampes solaires.<\/p>\n\n\n\n<p>&#8211; L&rsquo;exp\u00e9dition de 6 fauteuils roulants \u00e0 destination de la de la Croix-Rouge et de l&rsquo;association Pass n\u00e9r\u00e9.<\/p>\n\n\n<div class=\"wp-block-image\">\n<figure class=\"aligncenter\"><img loading=\"lazy\" decoding=\"async\" width=\"632\" height=\"474\" src=\"http:\/\/cooperationlentillykouila.org\/wp-content\/uploads\/2021\/01\/IMG-20210130-WA0005-632x474.jpg\" alt=\"\" class=\"wp-image-774\" srcset=\"https:\/\/cooperationlentillykouila.org\/wp-content\/uploads\/2021\/01\/IMG-20210130-WA0005-632x474.jpg 632w, https:\/\/cooperationlentillykouila.org\/wp-content\/uploads\/2021\/01\/IMG-20210130-WA0005-1020x765.jpg 1020w, https:\/\/cooperationlentillykouila.org\/wp-content\/uploads\/2021\/01\/IMG-20210130-WA0005-768x576.jpg 768w, https:\/\/cooperationlentillykouila.org\/wp-content\/uploads\/2021\/01\/IMG-20210130-WA0005.jpg 1024w\" sizes=\"auto, (max-width: 632px) 100vw, 632px\" \/><\/figure>\n<\/div>\n\n<div class=\"wp-block-image\">\n<figure class=\"aligncenter\"><a href=\"http:\/\/cooperationlentillykouila.org\/wp-content\/uploads\/2021\/01\/IMG-20210130-WA0004.jpg\"><img loading=\"lazy\" decoding=\"async\" width=\"632\" height=\"474\" src=\"http:\/\/cooperationlentillykouila.org\/wp-content\/uploads\/2021\/01\/IMG-20210130-WA0004-632x474.jpg\" alt=\"\" class=\"wp-image-773\" srcset=\"https:\/\/cooperationlentillykouila.org\/wp-content\/uploads\/2021\/01\/IMG-20210130-WA0004-632x474.jpg 632w, https:\/\/cooperationlentillykouila.org\/wp-content\/uploads\/2021\/01\/IMG-20210130-WA0004-1020x765.jpg 1020w, https:\/\/cooperationlentillykouila.org\/wp-content\/uploads\/2021\/01\/IMG-20210130-WA0004-768x576.jpg 768w, https:\/\/cooperationlentillykouila.org\/wp-content\/uploads\/2021\/01\/IMG-20210130-WA0004.jpg 1024w\" sizes=\"auto, (max-width: 632px) 100vw, 632px\" \/><\/a><\/figure>\n<\/div>\n\n\n<p><a href=\"http:\/\/cooperationlentillykouila.org\/wp-content\/uploads\/2021\/01\/IMG-20210130-WA0005.jpg\">&nbsp; <\/a><\/p>\n\n\n\n<p><span style=\"color: #0000ff;\"><strong>LES \u00c9CHANGES INTERCULTURELS ENTRE LENTILLY ET KOUILA :&nbsp;<\/strong><\/span><\/p>\n\n\n\n<p>Avec :<\/p>\n\n\n\n<p>&#8211; Visite des burkinab\u00e9s \u00e0 Lentilly.<\/p>\n\n\n\n<p>&#8211; Visite des Lentillois.<\/p>\n\n\n\n<p>Ces actions sont men\u00e9es par <a href=\"http:\/\/cooperationlentillykouila.org\/?page_id=54\">le Comit\u00e9 de coop\u00e9ration<\/a>.<\/p>\n\n\n\n<p>Retrouvez plus d&rsquo;informations en regardant <a href=\"http:\/\/cooperationlentillykouila.org\/?page_id=339\">les films : Zoodo, Mathurin, les femmes de Kouila, les foyers am\u00e9lior\u00e9s &#8230; et tant d&rsquo;autres<\/a>.<\/p>\n\n\n\n<p>Vous pouvez <a href=\"http:\/\/cooperationlentillykouila.org\/?page_id=56\">participer<\/a> au d\u00e9veloppement de ces activit\u00e9s de <a href=\"http:\/\/cooperationlentillykouila.org\/?page_id=56\">diff\u00e9rentes mani\u00e8res<\/a>.<\/p>\n","protected":false},"excerpt":{"rendered":"<p>Depuis plus de 30 ans, le comit\u00e9 de coop\u00e9ration participe au d\u00e9veloppement de Kouila. Les actions se sont au fur et \u00e0 mesure structur\u00e9es. L&rsquo; aide au d\u00e9veloppement de Kouila passe par quatre axes : [&hellip;]<\/p>\n","protected":false},"author":1,"featured_media":348,"parent":0,"menu_order":0,"comment_status":"closed","ping_status":"closed","template":"page-fullwidth.php","meta":{"_acf_changed":false,"footnotes":""},"class_list":["post-10","page","type-page","status-publish","has-post-thumbnail","hentry"],"acf":[],"yoast_head":"<!-- This site is optimized with the Yoast SEO plugin v27.5 - https:\/\/yoast.com\/product\/yoast-seo-wordpress\/ -->\n<title>Les actions - Coop\u00e9ration Lentilly Kouila<\/title>\n<meta name=\"robots\" content=\"index, follow, max-snippet:-1, max-image-preview:large, max-video-preview:-1\" \/>\n<link rel=\"canonical\" href=\"https:\/\/cooperationlentillykouila.org\/?page_id=10\" \/>\n<meta property=\"og:locale\" content=\"fr_FR\" \/>\n<meta property=\"og:type\" content=\"article\" \/>\n<meta property=\"og:title\" content=\"Les actions - Coop\u00e9ration Lentilly Kouila\" \/>\n<meta property=\"og:description\" content=\"Depuis plus de 30 ans, le comit\u00e9 de coop\u00e9ration participe au d\u00e9veloppement de Kouila. Les actions se sont au fur et \u00e0 mesure structur\u00e9es. L&rsquo; aide au d\u00e9veloppement de Kouila passe par quatre axes : [&hellip;]\" \/>\n<meta property=\"og:url\" content=\"https:\/\/cooperationlentillykouila.org\/?page_id=10\" \/>\n<meta property=\"og:site_name\" content=\"Coop\u00e9ration Lentilly Kouila\" \/>\n<meta property=\"article:modified_time\" content=\"2025-04-01T14:07:22+00:00\" \/>\n<meta property=\"og:image\" content=\"https:\/\/cooperationlentillykouila.org\/wp-content\/uploads\/2015\/08\/IMG_1685-e1455349536882.jpg\" \/>\n\t<meta property=\"og:image:width\" content=\"3231\" \/>\n\t<meta property=\"og:image:height\" content=\"1942\" \/>\n\t<meta property=\"og:image:type\" content=\"image\/jpeg\" \/>\n<meta name=\"twitter:card\" content=\"summary_large_image\" \/>\n<meta name=\"twitter:label1\" content=\"Dur\u00e9e de lecture est.\" \/>\n\t<meta name=\"twitter:data1\" content=\"4 minutes\" \/>\n<script type=\"application\/ld+json\" class=\"yoast-schema-graph\">{\"@context\":\"https:\\\/\\\/schema.org\",\"@graph\":[{\"@type\":\"WebPage\",\"@id\":\"https:\\\/\\\/cooperationlentillykouila.org\\\/?page_id=10\",\"url\":\"https:\\\/\\\/cooperationlentillykouila.org\\\/?page_id=10\",\"name\":\"Les actions - Coop\u00e9ration Lentilly Kouila\",\"isPartOf\":{\"@id\":\"https:\\\/\\\/cooperationlentillykouila.org\\\/#website\"},\"primaryImageOfPage\":{\"@id\":\"https:\\\/\\\/cooperationlentillykouila.org\\\/?page_id=10#primaryimage\"},\"image\":{\"@id\":\"https:\\\/\\\/cooperationlentillykouila.org\\\/?page_id=10#primaryimage\"},\"thumbnailUrl\":\"https:\\\/\\\/cooperationlentillykouila.org\\\/wp-content\\\/uploads\\\/2015\\\/08\\\/IMG_1685-e1455349536882.jpg\",\"datePublished\":\"2015-08-21T10:18:10+00:00\",\"dateModified\":\"2025-04-01T14:07:22+00:00\",\"breadcrumb\":{\"@id\":\"https:\\\/\\\/cooperationlentillykouila.org\\\/?page_id=10#breadcrumb\"},\"inLanguage\":\"fr-BE\",\"potentialAction\":[{\"@type\":\"ReadAction\",\"target\":[\"https:\\\/\\\/cooperationlentillykouila.org\\\/?page_id=10\"]}]},{\"@type\":\"ImageObject\",\"inLanguage\":\"fr-BE\",\"@id\":\"https:\\\/\\\/cooperationlentillykouila.org\\\/?page_id=10#primaryimage\",\"url\":\"https:\\\/\\\/cooperationlentillykouila.org\\\/wp-content\\\/uploads\\\/2015\\\/08\\\/IMG_1685-e1455349536882.jpg\",\"contentUrl\":\"https:\\\/\\\/cooperationlentillykouila.org\\\/wp-content\\\/uploads\\\/2015\\\/08\\\/IMG_1685-e1455349536882.jpg\",\"width\":3231,\"height\":1942},{\"@type\":\"BreadcrumbList\",\"@id\":\"https:\\\/\\\/cooperationlentillykouila.org\\\/?page_id=10#breadcrumb\",\"itemListElement\":[{\"@type\":\"ListItem\",\"position\":1,\"name\":\"Home\",\"item\":\"https:\\\/\\\/cooperationlentillykouila.org\\\/\"},{\"@type\":\"ListItem\",\"position\":2,\"name\":\"Les actions\"}]},{\"@type\":\"WebSite\",\"@id\":\"https:\\\/\\\/cooperationlentillykouila.org\\\/#website\",\"url\":\"https:\\\/\\\/cooperationlentillykouila.org\\\/\",\"name\":\"Coop\u00e9ration Lentilly Kouila\",\"description\":\"\",\"potentialAction\":[{\"@type\":\"SearchAction\",\"target\":{\"@type\":\"EntryPoint\",\"urlTemplate\":\"https:\\\/\\\/cooperationlentillykouila.org\\\/?s={search_term_string}\"},\"query-input\":{\"@type\":\"PropertyValueSpecification\",\"valueRequired\":true,\"valueName\":\"search_term_string\"}}],\"inLanguage\":\"fr-BE\"}]}<\/script>\n<!-- \/ Yoast SEO plugin. -->","yoast_head_json":{"title":"Les actions - Coop\u00e9ration Lentilly Kouila","robots":{"index":"index","follow":"follow","max-snippet":"max-snippet:-1","max-image-preview":"max-image-preview:large","max-video-preview":"max-video-preview:-1"},"canonical":"https:\/\/cooperationlentillykouila.org\/?page_id=10","og_locale":"fr_FR","og_type":"article","og_title":"Les actions - Coop\u00e9ration Lentilly Kouila","og_description":"Depuis plus de 30 ans, le comit\u00e9 de coop\u00e9ration participe au d\u00e9veloppement de Kouila. Les actions se sont au fur et \u00e0 mesure structur\u00e9es. L&rsquo; aide au d\u00e9veloppement de Kouila passe par quatre axes : [&hellip;]","og_url":"https:\/\/cooperationlentillykouila.org\/?page_id=10","og_site_name":"Coop\u00e9ration Lentilly Kouila","article_modified_time":"2025-04-01T14:07:22+00:00","og_image":[{"width":3231,"height":1942,"url":"https:\/\/cooperationlentillykouila.org\/wp-content\/uploads\/2015\/08\/IMG_1685-e1455349536882.jpg","type":"image\/jpeg"}],"twitter_card":"summary_large_image","twitter_misc":{"Dur\u00e9e de lecture est.":"4 minutes"},"schema":{"@context":"https:\/\/schema.org","@graph":[{"@type":"WebPage","@id":"https:\/\/cooperationlentillykouila.org\/?page_id=10","url":"https:\/\/cooperationlentillykouila.org\/?page_id=10","name":"Les actions - Coop\u00e9ration Lentilly Kouila","isPartOf":{"@id":"https:\/\/cooperationlentillykouila.org\/#website"},"primaryImageOfPage":{"@id":"https:\/\/cooperationlentillykouila.org\/?page_id=10#primaryimage"},"image":{"@id":"https:\/\/cooperationlentillykouila.org\/?page_id=10#primaryimage"},"thumbnailUrl":"https:\/\/cooperationlentillykouila.org\/wp-content\/uploads\/2015\/08\/IMG_1685-e1455349536882.jpg","datePublished":"2015-08-21T10:18:10+00:00","dateModified":"2025-04-01T14:07:22+00:00","breadcrumb":{"@id":"https:\/\/cooperationlentillykouila.org\/?page_id=10#breadcrumb"},"inLanguage":"fr-BE","potentialAction":[{"@type":"ReadAction","target":["https:\/\/cooperationlentillykouila.org\/?page_id=10"]}]},{"@type":"ImageObject","inLanguage":"fr-BE","@id":"https:\/\/cooperationlentillykouila.org\/?page_id=10#primaryimage","url":"https:\/\/cooperationlentillykouila.org\/wp-content\/uploads\/2015\/08\/IMG_1685-e1455349536882.jpg","contentUrl":"https:\/\/cooperationlentillykouila.org\/wp-content\/uploads\/2015\/08\/IMG_1685-e1455349536882.jpg","width":3231,"height":1942},{"@type":"BreadcrumbList","@id":"https:\/\/cooperationlentillykouila.org\/?page_id=10#breadcrumb","itemListElement":[{"@type":"ListItem","position":1,"name":"Home","item":"https:\/\/cooperationlentillykouila.org\/"},{"@type":"ListItem","position":2,"name":"Les actions"}]},{"@type":"WebSite","@id":"https:\/\/cooperationlentillykouila.org\/#website","url":"https:\/\/cooperationlentillykouila.org\/","name":"Coop\u00e9ration Lentilly Kouila","description":"","potentialAction":[{"@type":"SearchAction","target":{"@type":"EntryPoint","urlTemplate":"https:\/\/cooperationlentillykouila.org\/?s={search_term_string}"},"query-input":{"@type":"PropertyValueSpecification","valueRequired":true,"valueName":"search_term_string"}}],"inLanguage":"fr-BE"}]}},"_links":{"self":[{"href":"https:\/\/cooperationlentillykouila.org\/index.php?rest_route=\/wp\/v2\/pages\/10","targetHints":{"allow":["GET"]}}],"collection":[{"href":"https:\/\/cooperationlentillykouila.org\/index.php?rest_route=\/wp\/v2\/pages"}],"about":[{"href":"https:\/\/cooperationlentillykouila.org\/index.php?rest_route=\/wp\/v2\/types\/page"}],"author":[{"embeddable":true,"href":"https:\/\/cooperationlentillykouila.org\/index.php?rest_route=\/wp\/v2\/users\/1"}],"replies":[{"embeddable":true,"href":"https:\/\/cooperationlentillykouila.org\/index.php?rest_route=%2Fwp%2Fv2%2Fcomments&post=10"}],"version-history":[{"count":83,"href":"https:\/\/cooperationlentillykouila.org\/index.php?rest_route=\/wp\/v2\/pages\/10\/revisions"}],"predecessor-version":[{"id":931,"href":"https:\/\/cooperationlentillykouila.org\/index.php?rest_route=\/wp\/v2\/pages\/10\/revisions\/931"}],"wp:featuredmedia":[{"embeddable":true,"href":"https:\/\/cooperationlentillykouila.org\/index.php?rest_route=\/wp\/v2\/media\/348"}],"wp:attachment":[{"href":"https:\/\/cooperationlentillykouila.org\/index.php?rest_route=%2Fwp%2Fv2%2Fmedia&parent=10"}],"curies":[{"name":"wp","href":"https:\/\/api.w.org\/{rel}","templated":true}]}}